{"id":16636,"date":"2017-07-11T06:40:33","date_gmt":"2017-07-11T06:40:33","guid":{"rendered":"http:\/\/www.campingclaudia.it\/malcesine\/?page_id=16636"},"modified":"2025-01-02T13:37:14","modified_gmt":"2025-01-02T13:37:14","slug":"prezzi-offerte","status":"publish","type":"page","link":"https:\/\/www.campingclaudia.it\/malcesine\/prezzi-offerte\/","title":{"rendered":"Prezzi &#038; Offerte"},"content":{"rendered":"<p>[vc_row row_type=&#8221;row&#8221; use_row_as_full_screen_section=&#8221;no&#8221; type=&#8221;full_width&#8221; angled_section=&#8221;no&#8221; text_align=&#8221;left&#8221; background_image_as_pattern=&#8221;without_pattern&#8221; css_animation=&#8221;&#8221;][vc_column][vc_empty_space height=&#8221;40px&#8221;][vc_column_text]\n<table id=\"tablepress-1\" class=\"tablepress tablepress-id-1\">\n<thead>\n<tr class=\"row-1 odd\">\n\t<th class=\"column-1\">2026<br \/>\n<br \/>\n<br \/>\n<br \/>\n<br \/>\n<br \/>\n<\/th><th class=\"column-2\"><center>A<\/center><\/th><th class=\"column-3\"><center>B<\/center><\/th><th class=\"column-4\"><center>C<\/center><\/th><th class=\"column-5\"><center>D<\/center><\/th><th class=\"column-6\"><center>E<\/center><\/th><th class=\"column-7\"><center>F<\/center><\/th>\n<\/tr>\n<\/thead>\n<tbody class=\"row-hover\">\n<tr class=\"row-2 even\">\n\t<td class=\"column-1\">per notte \u2013 pro nacht<br \/>\nper night \u2013 per nuit<\/td><td class=\"column-2\">12\/04 - 13\/05<br \/>\n<br \/>\n<br \/>\n<br \/>\n04\/10 - 18\/10<\/td><td class=\"column-3\">26\/03 - 02\/04<br \/>\n17\/05 - 22\/05<br \/>\n14\/06 - 26\/06<br \/>\n<br \/>\n<br \/>\n<\/td><td class=\"column-4\">02\/04 - 12\/04<br \/>\n13\/05 - 17\/05<br \/>\n07\/06 - 14\/06<br \/>\n26\/6 - 03\/07<br \/>\n<br \/>\n13\/09 - 04\/10<\/td><td class=\"column-5\">22\/05 - 07\/06<br \/>\n03\/07 - 10\/07<br \/>\n<br \/>\n<br \/>\n30\/08 - 13\/09<\/td><td class=\"column-6\">10\/07 - 30\/08<\/td><td class=\"column-7\"><\/td>\n<\/tr>\n<tr class=\"row-3 odd\">\n\t<td class=\"column-1\">Piazzole*<br \/>\nStandplatz<br \/>\nPad<br \/>\nPlace de camp<br \/>\n1 auto o 2 moto comprese<\/td><td class=\"column-2\">12,00 Euro<\/td><td class=\"column-3\">13,00 Euro<\/td><td class=\"column-4\">15,00 Euro<br \/>\n<\/td><td class=\"column-5\">16,00 Euro<br \/>\n<\/td><td class=\"column-6\">18,00Euro<br \/>\n+Min. 2 Adulti<\/td><td class=\"column-7\"><\/td>\n<\/tr>\n<tr class=\"row-4 even\">\n\t<td class=\"column-1\">Adulti -erwachsenen<br \/>\nadults \u2013 adultes<br \/>\ndai 10  ai 99 anni<\/td><td class=\"column-2\">10,00 Euro<\/td><td class=\"column-3\">11,00 Euro<\/td><td class=\"column-4\">12,00 Euro<br \/>\n<\/td><td class=\"column-5\">14,00 Euro<\/td><td class=\"column-6\">16,00 Euro<br \/>\nMin. 2 Persone<\/td><td class=\"column-7\"><\/td>\n<\/tr>\n<tr class=\"row-5 odd\">\n\t<td class=\"column-1\">bambini -children<br \/>\nenfants<br \/>\n00-01<\/td><td class=\"column-2\">gratis<\/td><td class=\"column-3\">gratis<\/td><td class=\"column-4\">gratis<\/td><td class=\"column-5\">gratis<\/td><td class=\"column-6\">gratis<\/td><td class=\"column-7\"><\/td>\n<\/tr>\n<tr class=\"row-6 even\">\n\t<td class=\"column-1\">Bambini \u2013 Kinder<br \/>\nchildren \u2013 enfants<br \/>\n2-9 anni<\/td><td class=\"column-2\">5,00 Euro<\/td><td class=\"column-3\">6,00 Euro<\/td><td class=\"column-4\">7,00 Euro<\/td><td class=\"column-5\">8,00 Euro<\/td><td class=\"column-6\">9,00 Euro<\/td><td class=\"column-7\"><\/td>\n<\/tr>\n<tr class=\"row-7 odd\">\n\t<td class=\"column-1\">Cani \u2013 hund<br \/>\ndogs -chiens<\/td><td class=\"column-2\">3,00 Euro<\/td><td class=\"column-3\">3,50 Euro<\/td><td class=\"column-4\">4,50 Euro<\/td><td class=\"column-5\">6,00 Euro<\/td><td class=\"column-6\">6,50 Euro<\/td><td class=\"column-7\"><\/td>\n<\/tr>\n<tr class=\"row-8 even\">\n\t<td class=\"column-1\">2\u00b0Auto \u2013 2\u00b0 Car<\/td><td class=\"column-2\">6,00 Euro<\/td><td class=\"column-3\">6,50 Euro<\/td><td class=\"column-4\">7,50 Euro<\/td><td class=\"column-5\">8,00 Euro<\/td><td class=\"column-6\">10,00 Euro<\/td><td class=\"column-7\"><\/td>\n<\/tr>\n<tr class=\"row-9 odd\">\n\t<td class=\"column-1\">3\u00b0Moto<\/td><td class=\"column-2\">3,00 Euro<\/td><td class=\"column-3\">3,00 Euro<\/td><td class=\"column-4\">3,50 Euro<\/td><td class=\"column-5\">5,00 Euro<\/td><td class=\"column-6\">5,00 Euro<\/td><td class=\"column-7\"><\/td>\n<\/tr>\n<tr class=\"row-10 even\">\n\t<td class=\"column-1\">Piazzole senza persone<\/td><td class=\"column-2\">22,00 Euro<\/td><td class=\"column-3\">24,00 Euro<\/td><td class=\"column-4\">27,00 Euro<\/td><td class=\"column-5\">30,00 Euro<\/td><td class=\"column-6\">50,00 Euro<\/td><td class=\"column-7\"><\/td>\n<\/tr>\n<tr class=\"row-11 odd\">\n\t<td class=\"column-1\">Rimorchio<\/td><td class=\"column-2\">5,00 Euro<\/td><td class=\"column-3\">6,00 Euro<\/td><td class=\"column-4\">7,00 Euro<\/td><td class=\"column-5\">8,00 Euro<\/td><td class=\"column-6\">9,00 Euro<\/td><td class=\"column-7\"><\/td>\n<\/tr>\n<tr class=\"row-12 even\">\n\t<td class=\"column-1\">Boa<\/td><td class=\"column-2\">10,00 Euro<\/td><td class=\"column-3\">10,00 Euro<\/td><td class=\"column-4\">14,00 Euro<\/td><td class=\"column-5\">18,00 Euro<\/td><td class=\"column-6\">20,00 Euro<\/td><td class=\"column-7\"><\/td>\n<\/tr>\n<tr class=\"row-13 odd\">\n\t<td class=\"column-1\">Boa +rimorchio barca<\/td><td class=\"column-2\">15,00 Euro<\/td><td class=\"column-3\">16,00 Euro<\/td><td class=\"column-4\">21,00 Euro<\/td><td class=\"column-5\">26,00 Euro<\/td><td class=\"column-6\">30,00 Euro<\/td><td class=\"column-7\"><\/td>\n<\/tr>\n<tr class=\"row-14 even\">\n\t<td class=\"column-1\">lavatrice \/ asciugatrice<\/td><td class=\"column-2\">6,00 Euro<\/td><td class=\"column-3\">6,00 Euro<\/td><td class=\"column-4\">6,00 Euro<\/td><td class=\"column-5\">6,00 Euro<\/td><td class=\"column-6\">6,00 Euro<\/td><td class=\"column-7\"><\/td>\n<\/tr>\n<tr class=\"row-15 odd\">\n\t<td class=\"column-1\">Frigorifero<\/td><td class=\"column-2\">3,00 Euro<\/td><td class=\"column-3\">3,00 Euro<\/td><td class=\"column-4\">3,00 Euro<\/td><td class=\"column-5\">3,00 euro<\/td><td class=\"column-6\">3,00 Euro<\/td><td class=\"column-7\"><\/td>\n<\/tr>\n<\/tbody>\n<\/table>\n<!-- #tablepress-1 from cache -->[\/vc_column_text][vc_empty_space height=&#8221;40px&#8221;][vc_column_text]<\/p>\n<p style=\"text-align: center;\"><b>Docce calde e allacciamento luce ( 10 ampere ) compresi.<br \/>\nwarme dusche und lichtanshluss ( 10 Ampere) inbergriffen.<br \/>\nshower with electric power connection ( 10 ampere ) included<br \/>\ndouche et enlacement de lumi\u00e9re ( 10 ampere ) compris<\/b><\/p>\n<p>[\/vc_column_text][vc_column_text]INFO<\/p>\n<p><strong>I proventi dell\u2019imposta di soggiorno sono vincolati alla realizzazione di interventi a favore del turismo.\u00a0<\/strong><br \/>\n<strong>Der Ertrag der Kurtaxe ist von der Gemeinde zur Finanzierung von touristischen Einrichtungen und Veranstaltungen im Interesse der G\u00e4ste zu verwenden.\u00a0<\/strong><br \/>\n<strong>The earnings of the tourist tax will be used to improve services to tourists, such as helping in the maintenance, exploitation and recovery of the local cultural heritage as well as maintaining local facilities and infrastructure.\u00a0<\/strong><br \/>\n<strong>Les revenus de l&#8217;imp\u00f4t de s\u00e9jour sont destin\u00e9s \u00e0 la r\u00e9alisation des interventions pour promouvoir le tourisme<\/strong>[\/vc_column_text][vc_empty_space height=&#8221;40px&#8221;][vc_column_text]<\/p>\n<p class=\"txt\" align=\"center\"><strong>* In alta e altissima stagione le piazzole devono essere occupate da almeno 2 persone<\/strong><\/p>\n<p>**Tassa di soggiorno \u20ac 1,00 per notte ,bambini\/ragazzi fino 14,99 anni gratis, massimo 20 notti<\/p>\n<p align=\"center\">\u00a0<strong>IMPOSTA DI SOGGIORNO \u2013 KURTAXE\u00a0<\/strong><br \/>\n<strong>TAX HOLIDAY \u2013 CONGE FISCAL<\/strong><strong>\u00a0<\/strong><br \/>\n<strong>DELIBERA DEL CONSIGLIO COMUNALE N. 84 DEL 29.11.2013<\/strong><\/p>\n<p align=\"center\"><strong>Euro al giorno a persona \u2013 Euro pro Tag, pro Person<\/strong><br \/>\n<strong>Euro per day per person \u2013 Euros par jour, par personne<\/strong><\/p>\n<p align=\"center\"><strong>\u20ac1,0<\/strong><strong>0 Camping<\/strong><\/p>\n<p>[\/vc_column_text][vc_empty_space height=&#8221;40px&#8221;][vc_column_text]<\/p>\n<p align=\"center\">ESCLUSI \u2013 AUSGESCHLOSSEN \u2013 EXCLUDED \u2013 EXCLUS<\/p>\n<p>Ragazzi fino al 14\u00b0 anno compreso \u2013 Portatori di Handicap non autosufficienti e il loro accompagnatore \u2013 Autisti di Pullman e un accompagnatore di gruppi organizzati oltre 25 persone \u2013 Gli appartenenti alle forze di Polizia Statale, Provinciale e Locale nonch\u00e9 al Corpo Nazionale dei Vigili del Fuoco, che pernottano per esigenze di servizio<\/p>\n<p>Kinder bis zur Vollendung des 14. Lebensjahres \u2013 Schwerbehinderte und deren Begleiter \u2013 Busfahrer und ein Reiseleiter mehr als 25 Personen in organisierten Gruppen \u2013 Angeh\u00f6rige des staatlichen, provinziellen und lokalen Polizeikorps, sowie der nationalen Feuerwehrt, die aus dienstlichem Anlass \u00fcbernachten.<\/p>\n<p>Children up to 14 years old \u2013 Dependent disabled people and their escort \u2013 Bus drivers and one tour guides more than 25 person with organized groups \u2013 Members of National, Provincial and Local police forces and members of the National Fire Service staying for an official reason.<\/p>\n<p>Enfants jusqu\u2019\u00e0 l\u2019\u00e2ge de 14 ans. \u2013 Personnes handicap\u00e9es d\u00e9pendantes et la personne exclusivement attach\u00e9e. \u2013 Le conducteurs de bus et un guide plus de 25 personnes avec des groupes organis\u00e9s \u2013 Membres des forces polici\u00e8res d\u2019Etat, Provinciales et Locales et membres du Corps National des pompiers, que s\u00e9journent pour des raisons officielles.<\/p>\n<p>[\/vc_column_text][\/vc_column][\/vc_row][vc_row row_type=&#8221;row&#8221; use_row_as_full_screen_section=&#8221;no&#8221; type=&#8221;full_width&#8221; angled_section=&#8221;no&#8221; text_align=&#8221;left&#8221; background_image_as_pattern=&#8221;without_pattern&#8221; css_animation=&#8221;&#8221;][vc_column][vc_empty_space height=&#8221;45px&#8221;][\/vc_column][\/vc_row][vc_row row_type=&#8221;row&#8221; use_row_as_full_screen_section=&#8221;no&#8221; type=&#8221;full_width&#8221; angled_section=&#8221;no&#8221; text_align=&#8221;left&#8221; background_image_as_pattern=&#8221;without_pattern&#8221; css_animation=&#8221;&#8221;][vc_column width=&#8221;1\/3&#8243;][vc_column_text]<a href=\"http:\/\/www.campingclaudia.it\/malcesine\/wp-content\/uploads\/2017\/07\/cartinacamping.jpg\"><img decoding=\"async\" loading=\"lazy\" class=\"alignnone size-thumbnail wp-image-16710\" src=\"http:\/\/www.campingclaudia.it\/malcesine\/wp-content\/uploads\/2017\/07\/cartinacamping-150x150.jpg\" alt=\"\" width=\"150\" height=\"150\" srcset=\"https:\/\/www.campingclaudia.it\/malcesine\/wp-content\/uploads\/2017\/07\/cartinacamping-150x150.jpg 150w, https:\/\/www.campingclaudia.it\/malcesine\/wp-content\/uploads\/2017\/07\/cartinacamping-570x570.jpg 570w, https:\/\/www.campingclaudia.it\/malcesine\/wp-content\/uploads\/2017\/07\/cartinacamping-500x500.jpg 500w, https:\/\/www.campingclaudia.it\/malcesine\/wp-content\/uploads\/2017\/07\/cartinacamping-1000x1000.jpg 1000w\" sizes=\"(max-width: 150px) 100vw, 150px\" \/><\/a>[\/vc_column_text][\/vc_column][vc_column width=&#8221;1\/3&#8243;][vc_column_text]<a href=\"http:\/\/www.campingclaudia.it\/malcesine\/wp-content\/uploads\/2017\/07\/pianta_accettazione.gif\"><img decoding=\"async\" loading=\"lazy\" class=\"alignnone size-thumbnail wp-image-16691\" src=\"http:\/\/www.campingclaudia.it\/malcesine\/wp-content\/uploads\/2017\/07\/pianta_accettazione-150x150.gif\" alt=\"\" width=\"150\" height=\"150\" \/><\/a>[\/vc_column_text][\/vc_column][vc_column width=&#8221;1\/3&#8243;][vc_column_text]<a href=\"http:\/\/www.campingclaudia.it\/malcesine\/wp-content\/uploads\/2017\/07\/pianta_servizi.gif\"><img decoding=\"async\" loading=\"lazy\" class=\"alignnone size-thumbnail wp-image-16693\" src=\"http:\/\/www.campingclaudia.it\/malcesine\/wp-content\/uploads\/2017\/07\/pianta_servizi-150x150.gif\" alt=\"\" width=\"150\" height=\"150\" \/><\/a>[\/vc_column_text][\/vc_column][\/vc_row]<\/p>\n","protected":false},"excerpt":{"rendered":"<p>[vc_row row_type=&#8221;row&#8221; use_row_as_full_screen_section=&#8221;no&#8221; type=&#8221;full_width&#8221; angled_section=&#8221;no&#8221; text_align=&#8221;left&#8221; background_image_as_pattern=&#8221;without_pattern&#8221; css_animation=&#8221;&#8221;][vc_column][vc_empty_space height=&#8221;40px&#8221;][vc_column_text][\/vc_column_text][vc_empty_space height=&#8221;40px&#8221;][vc_column_text] Docce calde e allacciamento luce ( 10 ampere ) compresi. warme dusche und lichtanshluss ( 10 Ampere) inbergriffen. shower with electric power connection ( 10 ampere ) included douche et enlacement de lumi\u00e9re ( 10&#8230;<\/p>\n","protected":false},"author":1,"featured_media":0,"parent":0,"menu_order":0,"comment_status":"closed","ping_status":"closed","template":"","meta":{"footnotes":""},"_links":{"self":[{"href":"https:\/\/www.campingclaudia.it\/malcesine\/wp-json\/wp\/v2\/pages\/16636"}],"collection":[{"href":"https:\/\/www.campingclaudia.it\/malcesine\/wp-json\/wp\/v2\/pages"}],"about":[{"href":"https:\/\/www.campingclaudia.it\/malcesine\/wp-json\/wp\/v2\/types\/page"}],"author":[{"embeddable":true,"href":"https:\/\/www.campingclaudia.it\/malcesine\/wp-json\/wp\/v2\/users\/1"}],"replies":[{"embeddable":true,"href":"https:\/\/www.campingclaudia.it\/malcesine\/wp-json\/wp\/v2\/comments?post=16636"}],"version-history":[{"count":17,"href":"https:\/\/www.campingclaudia.it\/malcesine\/wp-json\/wp\/v2\/pages\/16636\/revisions"}],"predecessor-version":[{"id":17030,"href":"https:\/\/www.campingclaudia.it\/malcesine\/wp-json\/wp\/v2\/pages\/16636\/revisions\/17030"}],"wp:attachment":[{"href":"https:\/\/www.campingclaudia.it\/malcesine\/wp-json\/wp\/v2\/media?parent=16636"}],"curies":[{"name":"wp","href":"https:\/\/api.w.org\/{rel}","templated":true}]}}